{"id":495,"date":"2022-01-10T14:05:20","date_gmt":"2022-01-10T13:05:20","guid":{"rendered":"http:\/\/wypadeksamochodowywaustrii.pl\/?page_id=495"},"modified":"2022-03-21T15:32:41","modified_gmt":"2022-03-21T14:32:41","slug":"kalkulacja-szkod-po-wypadkach-na-terenie-austrii","status":"publish","type":"page","link":"https:\/\/wypadeksamochodowywaustrii.pl\/index.php\/kalkulacja-szkod-po-wypadkach-na-terenie-austrii\/","title":{"rendered":"Kalkulacja szk\u00f3d &#8211; wycena  szkod na terenie Austrii"},"content":{"rendered":"<h1><b>Kalkulacja szk\u00f3d po wypadkach na terenie Austrii np. w Wiede\u0144,Graz ,Linz ,Salzburg ,Innsbruck ,Tyrol ,Klagenfurt am W\u00f6rthersee ,Villach ,Wels ,Sankt P\u00f6lten\u00a0<\/b><\/h1>\n<p><span style=\"font-weight: 400;\"><img loading=\"lazy\" decoding=\"async\" class=\"wp-image-589 aligncenter\" src=\"https:\/\/wypadeksamochodowywaustrii.pl\/wp-content\/uploads\/2020\/10\/rzeczoznawca-wy-gttingen-northeim-3-1-1024x335.png\" alt=\"\" width=\"565\" height=\"184\" \/><\/span><\/p>\n<h2><span style=\"font-weight: 400;\">Kalkulacja szk\u00f3d &#8211; wycena szkod na terenie Austrii<\/span><\/h2>\n<p><span style=\"font-weight: 400;\">Dzia\u0142aj\u0105ca na terenie ca\u0142ej\u00a0 Austrii, Niemczech i Polski stowarzyszenie i siec <\/span><i><span style=\"font-weight: 400;\">rzeczoznawc\u00f3w<\/span><\/i> <i><span style=\"font-weight: 400;\">samochodowych<\/span><\/i> <b>MOTOEXPERT,<\/b><span style=\"font-weight: 400;\">\u00a0 od zajmuje si\u0119 <\/span><b>kalkulacj\u0105 szk\u00f3d<\/b><span style=\"font-weight: 400;\"> samochod\u00f3w uszkodzonych w wyniku zdarzenia drogowego\u00a0<\/span><span style=\"font-weight: 400;\">na terenie Austrii. Dzi\u0119ki wsp\u00f3\u0142pracy z licznymi ekspertami obecnie \u015bwiadcz\u0105 kompleksowe us\u0142ugi dla poszkodowanych nie z ich winy w <\/span><i><span style=\"font-weight: 400;\">wypadkach<\/span><\/i><span style=\"font-weight: 400;\"> lub <\/span><i><span style=\"font-weight: 400;\">kolizjach samochodowych<\/span><\/i><span style=\"font-weight: 400;\"> na terenie Austrii.<\/span><\/p>\n<p><b>Co nam daje kalkulacja szk\u00f3d bezpo\u015brednio po wypadku \u00a0jeszcze na terenie Austrii? Austrii np. w Wiede\u0144,Graz ,Linz ,Salzburg ,Innsbruck ,Tyrol ,Klagenfurt am W\u00f6rthersee ,Villach ,Wels ,Sankt P\u00f6lten\u00a0<\/b><\/p>\n<p><img loading=\"lazy\" decoding=\"async\" class=\"alignnone size-medium wp-image-911\" src=\"https:\/\/wypadeksamochodowywaustrii.pl\/wp-content\/uploads\/2022\/03\/Rzeczoznawca-Samochodowy-AUSTRIA-42-300x225.jpg\" alt=\"\" width=\"300\" height=\"225\" \/><\/p>\n<p><span style=\"font-weight: 400;\"> Nieliczni zdaj\u0105 sobie spraw\u0119 \u017ce istnieje przewa\u017cnie mo\u017cliwo\u015b\u0107 skorzystania z pomocy polskoj\u0119zycznego <\/span><i><span style=\"font-weight: 400;\">rzeczoznawcy samochodowego<\/span><\/i><span style=\"font-weight: 400;\"> bezpo\u015brednio po wypadku jeszcze na terenie Austrii, bez konieczno\u015bci uci\u0105\u017cliwego transportowania uszkodzonego pojazdu, do Polski. <\/span><\/p>\n<p><span style=\"font-weight: 400;\">Mamy mo\u017cliwo\u015b\u0107 jeszcze na terenie Austrii rozpocz\u0105\u0107 proces naprawy naszego samochodu oraz zleci\u0107 wykonanie <\/span><b>kalkulacji szk\u00f3d<\/b> <i><span style=\"font-weight: 400;\">polskoj\u0119zycznemu rzeczoznawcy samochodowemu<\/span><\/i><span style=\"font-weight: 400;\"> sieci <\/span><b>MOTOEXPERT<\/b><span style=\"font-weight: 400;\">. Korzystaj\u0105c na tym:<\/span><\/p>\n<p><span style=\"font-weight: 400;\"> Po pierwsze unikniemy bariery j\u0119zykowej je\u017celi w spos\u00f3b niewystarczaj\u0105cy znamy j\u0119zyk niemiecki,\u00a0<\/span><span style=\"font-weight: 400;\">po drugie \u00a0zaoszcz\u0119dzimy czas i nie b\u0119dziemy musieli przewozi\u0107 nasz uszkodzony pojazd do Polski czy Niemiec, ponadto mo\u017cemy mie\u0107 pewno\u015b\u0107, \u017ce wykonana przez rzeczoznawc\u0119 z\u00a0\u00a0<\/span><b>MOTOEXPERT<\/b> <b>kalkulacja szk\u00f3d<\/b><span style=\"font-weight: 400;\"> b\u0119dzie dokonana w nienaganny spos\u00f3b , poniewa\u017c nasi eksperci<\/span><b>\u00a0<\/b><span style=\"font-weight: 400;\">dzi\u0119ki wieloletniemu\u00a0<\/span><b>do\u015bwiadczeniu &#8211;\u00a0 kalkulacje szk\u00f3d<\/b><span style=\"font-weight: 400;\"> dokonuj\u0105 w spos\u00f3b bardzo dok\u0142adny i staranny oraz bez \u00a0stronniczy, poniewa\u017c <\/span><i><span style=\"font-weight: 400;\">rzeczoznawcy samochodowi<\/span><\/i><span style=\"font-weight: 400;\"> sieci <\/span><b>MOTOEXPERT<\/b><span style=\"font-weight: 400;\"> nie s\u0105 zwi\u0105zani \u017cadnym towarzystwem ubezpieczeniowym. \u00a0<\/span><\/p>\n<p><span style=\"font-weight: 400;\">Warto zwr\u00f3ci\u0107 uwag\u0119 na fakt i\u017c dokonana na terenie Austrii\u00a0<\/span><b>kalkulacja szk\u00f3d<\/b><span style=\"font-weight: 400;\">, r\u00f3wnie\u017c dla obywateli Polski, jest dokonana i wyliczana zgodnie z Austriackim czy Niemieckim prawem i wg w\u0142a\u015bciwych stawek co jest niew\u0105tpliwie korzystne dla obywateli naszego kraju ulegaj\u0105cym nie z ich winy <\/span><i><span style=\"font-weight: 400;\">wypadkom<\/span><\/i><span style=\"font-weight: 400;\"> lub <\/span><i><span style=\"font-weight: 400;\">kolizjom samochodowym<\/span><\/i><span style=\"font-weight: 400;\"> na terenie Austrii.<\/span><\/p>\n<p><img loading=\"lazy\" decoding=\"async\" class=\"alignnone size-medium wp-image-906\" src=\"https:\/\/wypadeksamochodowywaustrii.pl\/wp-content\/uploads\/2022\/03\/Rzeczoznawca-Samochodowy-AUSTRIA-15-300x225.jpg\" alt=\"\" width=\"300\" height=\"225\" \/><\/p>\n<p><b>Kalkulacja szk\u00f3d<\/b><span style=\"font-weight: 400;\"> wykonana przez niezale\u017cnego\u00a0\u00a0<\/span><i><span style=\"font-weight: 400;\">rzeczoznawc\u0119 samochodowego<\/span><\/i><span style=\"font-weight: 400;\"> z \u00a0dzia\u0142aj\u0105cej na terenie ca\u0142ej Austrii sieci <\/span><b>MOTOEXPERT<\/b><span style=\"font-weight: 400;\"> jest dok\u0142adna i zawiera wszystkie wymogi prawne i\u00a0 elementy. Ponadto na jej podstawie zostanie wyp\u0142acone mo\u017cliwe pelne odszkodowanie, dlatego warto skorzysta\u0107 z naszych us\u0142ug!<\/span><\/p>\n<p><strong>SKORZYSTAJ Z BEZP\u0141ATNEJ I PROFESJONALNEJ POMOCY &#8211;\u00a0 Dla Poszkodowanych w wyniku wypadku samochodowego w Austrii!<\/strong><\/p>\n<p><strong>SKONTAKTUJ SI\u0118 Z NAMI!<\/strong><\/p>\n<p><strong><span class=\"header-toolbar-contact\"><a href=\"tel:+491603388333\">+43 660 6433533 \/ +49 160 3388333 <\/a> \/ <a href=\"tel:+48600920920\">+48 600 920 920<\/a>\u00a0<\/span><\/strong><\/p>\n<p>Austrii np. w Wiede\u0144,Graz ,Linz ,Salzburg ,Innsbruck ,Tyrol ,Klagenfurt am W\u00f6rthersee ,Villach ,Wels ,Sankt P\u00f6lten<\/p>\n<p><img loading=\"lazy\" decoding=\"async\" class=\"size-full wp-image-575 aligncenter\" src=\"https:\/\/wypadeksamochodowywaustrii.pl\/wp-content\/uploads\/2020\/10\/rzeczoznawca-wy-gttingen-northeim-8.jpg\" alt=\"\" width=\"329\" height=\"153\" \/><\/p>\n","protected":false},"excerpt":{"rendered":"<p>Kalkulacja szk\u00f3d &#8211; wycena  szkod na terenie Austrii\t<\/p>\n","protected":false},"author":1,"featured_media":579,"parent":0,"menu_order":0,"comment_status":"closed","ping_status":"closed","template":"","meta":{"_et_pb_use_builder":"","_et_pb_old_content":"","_et_gb_content_width":"","pgc_sgb_lightbox_settings":"","footnotes":""},"class_list":["post-495","page","type-page","status-publish","has-post-thumbnail","hentry"],"_links":{"self":[{"href":"https:\/\/wypadeksamochodowywaustrii.pl\/index.php\/wp-json\/wp\/v2\/pages\/495","targetHints":{"allow":["GET"]}}],"collection":[{"href":"https:\/\/wypadeksamochodowywaustrii.pl\/index.php\/wp-json\/wp\/v2\/pages"}],"about":[{"href":"https:\/\/wypadeksamochodowywaustrii.pl\/index.php\/wp-json\/wp\/v2\/types\/page"}],"author":[{"embeddable":true,"href":"https:\/\/wypadeksamochodowywaustrii.pl\/index.php\/wp-json\/wp\/v2\/users\/1"}],"replies":[{"embeddable":true,"href":"https:\/\/wypadeksamochodowywaustrii.pl\/index.php\/wp-json\/wp\/v2\/comments?post=495"}],"version-history":[{"count":0,"href":"https:\/\/wypadeksamochodowywaustrii.pl\/index.php\/wp-json\/wp\/v2\/pages\/495\/revisions"}],"wp:featuredmedia":[{"embeddable":true,"href":"https:\/\/wypadeksamochodowywaustrii.pl\/index.php\/wp-json\/"}],"wp:attachment":[{"href":"https:\/\/wypadeksamochodowywaustrii.pl\/index.php\/wp-json\/wp\/v2\/media?parent=495"}],"curies":[{"name":"wp","href":"https:\/\/api.w.org\/{rel}","templated":true}]}}